{"version":"1.0","provider_name":"Blog Concesionario Oficial Mercedes Vegar","provider_url":"https:\/\/www.mercedes-vegar.es\/blog","author_name":"Mercedes Vegar","author_url":"https:\/\/www.mercedes-vegar.es\/blog\/author\/adminblog\/","title":"Promoci\u00f3n Mercedes GLA por 28.500\u20ac - Blog Concesionario Oficial Mercedes Vegar","type":"rich","width":600,"height":338,"html":"<blockquote class=\"wp-embedded-content\" data-secret=\"ep3DQGC7z7\"><a href=\"https:\/\/www.mercedes-vegar.es\/blog\/mercedes-gla-promocion\/\">Promoci\u00f3n Mercedes GLA por 28.500\u20ac<\/a><\/blockquote><iframe sandbox=\"allow-scripts\" security=\"restricted\" src=\"https:\/\/www.mercedes-vegar.es\/blog\/mercedes-gla-promocion\/embed\/#?secret=ep3DQGC7z7\" width=\"600\" height=\"338\" title=\"\u00abPromoci\u00f3n Mercedes GLA por 28.500\u20ac\u00bb \u2014 Blog Concesionario Oficial Mercedes Vegar\" data-secret=\"ep3DQGC7z7\" frameborder=\"0\" marginwidth=\"0\" marginheight=\"0\" scrolling=\"no\" class=\"wp-embedded-content\"><\/iframe><script type=\"text\/javascript\">\n\/* <![CDATA[ *\/\n\/*! This file is auto-generated *\/\n!function(d,l){\"use strict\";l.querySelector&&d.addEventListener&&\"undefined\"!=typeof URL&&(d.wp=d.wp||{},d.wp.receiveEmbedMessage||(d.wp.receiveEmbedMessage=function(e){var t=e.data;if((t||t.secret||t.message||t.value)&&!\/[^a-zA-Z0-9]\/.test(t.secret)){for(var s,r,n,a=l.querySelectorAll('iframe[data-secret=\"'+t.secret+'\"]'),o=l.querySelectorAll('blockquote[data-secret=\"'+t.secret+'\"]'),c=new RegExp(\"^https?:$\",\"i\"),i=0;i<o.length;i++)o[i].style.display=\"none\";for(i=0;i<a.length;i++)s=a[i],e.source===s.contentWindow&&(s.removeAttribute(\"style\"),\"height\"===t.message?(1e3<(r=parseInt(t.value,10))?r=1e3:~~r<200&&(r=200),s.height=r):\"link\"===t.message&&(r=new URL(s.getAttribute(\"src\")),n=new URL(t.value),c.test(n.protocol))&&n.host===r.host&&l.activeElement===s&&(d.top.location.href=t.value))}},d.addEventListener(\"message\",d.wp.receiveEmbedMessage,!1),l.addEventListener(\"DOMContentLoaded\",function(){for(var e,t,s=l.querySelectorAll(\"iframe.wp-embedded-content\"),r=0;r<s.length;r++)(t=(e=s[r]).getAttribute(\"data-secret\"))||(t=Math.random().toString(36).substring(2,12),e.src+=\"#?secret=\"+t,e.setAttribute(\"data-secret\",t)),e.contentWindow.postMessage({message:\"ready\",secret:t},\"*\")},!1)))}(window,document);\n\/* ]]> *\/\n<\/script>\n","thumbnail_url":"https:\/\/www.mercedes-vegar.es\/blog\/wp-content\/uploads\/2017\/10\/98268638_3045865662142266_1786442289007034368_o.jpg","thumbnail_width":1000,"thumbnail_height":750,"description":"Mercedes GLA\u00a0 Precio 28.500\u20ac \u00a0OFERTA #ObjetivoHMCrespoStock0 La gran oportunidad que ten\u00e9is para el veh\u00edculo que anunciamos ayer d\u00eda 23, ya la ten\u00e9is aqu\u00ed. \u00a1Ll\u00e9vate este GLA 180 por solo 28.500\u20ac! Descuento total de 9.461\u20ac (-33%) no sujeto a NINGUNA CONDICI\u00d3N \u00a1Contacta con nosotros durante las primeras 48 horas y te..."}